{"id":149,"date":"2013-11-10T18:32:29","date_gmt":"2013-11-10T17:32:29","guid":{"rendered":"http:\/\/www.lamerci.org\/?page_id=149"},"modified":"2022-10-26T13:36:55","modified_gmt":"2022-10-26T12:36:55","slug":"accueil","status":"publish","type":"page","link":"https:\/\/www.lamerci.org\/","title":{"rendered":"Accueil"},"content":{"rendered":"<p style=\"text-align: justify;\"><a href=\"http:\/\/www.lamerci.org\/wp-content\/uploads\/2013\/11\/images.jpg\"><img decoding=\"async\" loading=\"lazy\" class=\"alignleft wp-image-117 size-thumbnail\" src=\"http:\/\/www.lamerci.org\/wp-content\/uploads\/2013\/11\/images-150x150.jpg\" alt=\"images\" width=\"150\" height=\"150\" srcset=\"https:\/\/www.lamerci.org\/wp-content\/uploads\/2013\/11\/images-150x150.jpg 150w, https:\/\/www.lamerci.org\/wp-content\/uploads\/2013\/11\/images-200x198.jpg 200w\" sizes=\"(max-width: 150px) 100vw, 150px\" \/><\/a>Au milieu des ann\u00e9es soixante, des femmes et des hommes, parents et amis de personnes handicap\u00e9es mentales se sont r\u00e9unies pour partager une m\u00eame volont\u00e9: faire vivre parmi nous et avec nous des personnes dites \u00ab\u00a0d\u00e9biles\u00a0\u00bb. Ils avaient montr\u00e9, en cr\u00e9ant 10 ans plus t\u00f4t, le Centre Educatif et d\u2019entrainement au travail \u00ab\u00a0La Glan\u00e9e\u00a0\u00bb en Seine et Marne, que l\u2019on pouvait \u00e9duquer ces personnes qui \u00e9taient class\u00e9es non \u00e9ducables ou semi-\u00e9ducables, qu\u2019elles \u00e9taient humaines totalement, qu\u2019elles \u00e9taient nos semblables, nos fr\u00e8res en Christ.<\/p>\n<p>Ces pionniers \u00e9taient convaincus que le combat pour la reconnaissance de l\u2019humanit\u00e9 des ces personnes serait permanent, que l\u2019intol\u00e9rance \u00e0 l\u2019\u00e9gard de ceux qui \u00e9taient diff\u00e9rents, qui ne poss\u00e9daient pas les moyens de communication privil\u00e9gi\u00e9s par la soci\u00e9t\u00e9 se dresserait sur leur chemin.<\/p>\n<p>Si l\u2019intol\u00e9rance pouvait \u00eatre vaincue et l\u00e0 o\u00f9 elle serait, les personnes handicap\u00e9es mentales ne seraient plus rejet\u00e9es de la communaut\u00e9 humaine, elles y apporteraient tous les talents dont elles disposent, elles prendraient place dans les \u00e9changes mat\u00e9riels et spirituels qui font une civilisation.<\/p>\n<p>Ce qui apparaissait alors comme une utopie allait produire une aventure humaine jalonn\u00e9e de r\u00e9ussites et d\u2019\u00e9checs, de joies et de peines. Port\u00e9e par le foi, l\u2019esp\u00e9rance et l\u2019amour du prochain, l\u2019utopie d\u2019hier est devenue r\u00e9alit\u00e9.<\/p>\n<p style=\"text-align: center;\">\n","protected":false},"excerpt":{"rendered":"<p>Au milieu des ann\u00e9es soixante, des femmes et des hommes, parents et amis de personnes handicap\u00e9es mentales se sont r\u00e9unies pour partager une m\u00eame volont\u00e9: faire vivre parmi nous et avec nous des personnes dites \u00ab\u00a0d\u00e9biles\u00a0\u00bb. Ils avaient montr\u00e9, en &hellip; <a href=\"https:\/\/www.lamerci.org\/\">Continuer la lecture <span class=\"meta-nav\">&rarr;<\/span><\/a><\/p>\n","protected":false},"author":1,"featured_media":0,"parent":0,"menu_order":1,"comment_status":"closed","ping_status":"closed","template":"","meta":{"_exactmetrics_skip_tracking":false,"_exactmetrics_sitenote_active":false,"_exactmetrics_sitenote_note":"","_exactmetrics_sitenote_category":0},"_links":{"self":[{"href":"https:\/\/www.lamerci.org\/index.php?rest_route=\/wp\/v2\/pages\/149"}],"collection":[{"href":"https:\/\/www.lamerci.org\/index.php?rest_route=\/wp\/v2\/pages"}],"about":[{"href":"https:\/\/www.lamerci.org\/index.php?rest_route=\/wp\/v2\/types\/page"}],"author":[{"embeddable":true,"href":"https:\/\/www.lamerci.org\/index.php?rest_route=\/wp\/v2\/users\/1"}],"replies":[{"embeddable":true,"href":"https:\/\/www.lamerci.org\/index.php?rest_route=%2Fwp%2Fv2%2Fcomments&post=149"}],"version-history":[{"count":41,"href":"https:\/\/www.lamerci.org\/index.php?rest_route=\/wp\/v2\/pages\/149\/revisions"}],"predecessor-version":[{"id":1887,"href":"https:\/\/www.lamerci.org\/index.php?rest_route=\/wp\/v2\/pages\/149\/revisions\/1887"}],"wp:attachment":[{"href":"https:\/\/www.lamerci.org\/index.php?rest_route=%2Fwp%2Fv2%2Fmedia&parent=149"}],"curies":[{"name":"wp","href":"https:\/\/api.w.org\/{rel}","templated":true}]}}